{"version":"1.0","type":"rich","provider_name":"Le Grand M\u00e9nage","provider_url":"http:\/\/legrandmenage.fr","title":"Ouste&nbsp;! Bouge de l\u00e0&nbsp;!","author_name":"Anne Barroil","width":"480","height":"295","url":"https:\/\/www.legrandmenage.fr\/les-actus\/article\/ouste-bouge-de-la","html":"\u003Ch4 class='title'\u003E\u003Ca href='https:\/\/www.legrandmenage.fr\/les-actus\/article\/ouste-bouge-de-la'\u003EOuste&nbsp;! Bouge de l\u00e0&nbsp;!\u003C\/a\u003E\u003C\/h4\u003E\u003Cblockquote class='spip'\u003E\n\u003Cp\u003ELes jeunes et espace public. Six jeunes des villages du Sud Luberon ont enqu\u00eat\u00e9 sur le terrain et dans l\u2019espace public pour produire une s\u00e9rie de podcasts \u00e0 d\u00e9couvrir sur Ouste&nbsp;! \n\n Jeunes ou moins jeunes, l\u2019espace public est le lieu de toutes les rencontres, le lieu de l\u2019expression collective, de la transformation, de la sociabilit\u00e9. Six jeunes des villages du Sud Luberon ont enqu\u00eat\u00e9 sur le terrain et dans l\u2019espace public pour produire une s\u00e9rie de podcasts \u00e0 d\u00e9couvrir sur Ouste&nbsp;! Que font&nbsp;(\u2026)\u003C\/p\u003E\n\u003C\/blockquote\u003E\n"}