{"version":"1.0","type":"rich","provider_name":"Le Grand M\u00e9nage","provider_url":"http:\/\/legrandmenage.fr","title":"Le Grand d\u00e9calage de printemps n\u2019existera pas","author_name":"","width":"480","height":"295","url":"http:\/\/www.legrandmenage.fr\/les-actus\/article\/le-grand-decalage-de-printemps-n-existera-pas","html":"\u003Ch4 class='title'\u003E\u003Ca href='http:\/\/www.legrandmenage.fr\/les-actus\/article\/le-grand-decalage-de-printemps-n-existera-pas'\u003ELe Grand d\u00e9calage de printemps n\u2019existera pas\u003C\/a\u003E\u003C\/h4\u003E\u003Cblockquote class='spip'\u003E\u003Cp\u003ELa situation sanitaire nous oblige \u00e0 annuler l\u2019ensemble des \u00e9v\u00e8nements que nous avions programm\u00e9 pour novembre\u003C\/p\u003E\u003C\/blockquote\u003E\n"}