{"version":"1.0","type":"rich","provider_name":"Le Grand M\u00e9nage","provider_url":"http:\/\/legrandmenage.fr","title":"APPEL \u00c0 CANDIDATURE pour le Grand m\u00e9nage - OFF&nbsp;!","author_name":"Anne Barroil","width":"480","height":"295","url":"http:\/\/www.legrandmenage.fr\/les-actus\/article\/appel-a-candidature-pour-le-grand-menage-off","html":"\u003Ch4 class='title'\u003E\u003Ca href='http:\/\/www.legrandmenage.fr\/les-actus\/article\/appel-a-candidature-pour-le-grand-menage-off'\u003EAPPEL \u00c0 CANDIDATURE pour le Grand m\u00e9nage - OFF&nbsp;!\u003C\/a\u003E\u003C\/h4\u003E\u003Cblockquote class='spip'\u003E\n\u003Cp\u003ELe festival f\u00eate ses 10 ans en 2025&nbsp;! \n\n Appel \u00e0 candidature pour le &#171;&nbsp;Grand m\u00e9nage - OFF&nbsp;&#187; \n\n 1 - Le OFF du Grand m\u00e9nage de Printemps 2025 \n\n Le Grand m\u00e9nage de printemps est n\u00e9 en 2015. D\u00e8s sa premi\u00e8re \u00e9dition, il a connu un succ\u00e8s important qui ne s\u2019est jamais d\u00e9menti. Le festival a sans cesse \u00e9volu\u00e9 depuis sa cr\u00e9ation passant de 3 \u00e0 7 jours, s\u2019\u00e9tendant sur plusieurs communes du sud Luberon, et accueillant plus de spectacles. Les spectateurs souhaitant profiter de ces premiers beaux jours&nbsp;(\u2026)\u003C\/p\u003E\n\u003C\/blockquote\u003E\n"}